{"id":7195,"date":"2021-03-31T17:33:06","date_gmt":"2021-03-31T15:33:06","guid":{"rendered":"https:\/\/aseva.es\/conferencias\/riva-en-linea\/"},"modified":"2024-10-29T20:11:46","modified_gmt":"2024-10-29T19:11:46","slug":"riva-en-linea","status":"publish","type":"page","link":"https:\/\/aseva.es\/es\/conferencias\/riva-en-linea\/","title":{"rendered":"RIVA en l\u00ednea"},"content":{"rendered":"<p>[et_pb_section fb_built=\u00bb1&#8243; _builder_version=\u00bb3.22.3&#8243;][et_pb_row _builder_version=\u00bb3.25&#8243; background_size=\u00bbinitial\u00bb background_position=\u00bbtop_left\u00bb background_repeat=\u00bbrepeat\u00bb][\/et_pb_row][\/et_pb_section][et_pb_section fb_built=\u00bb1&#8243; fullwidth=\u00bbon\u00bb _builder_version=\u00bb3.22.3&#8243;][et_pb_fullwidth_code _builder_version=\u00bb4.9.2&#8243;][masterslider alias=\u00bbriva-online\u00bb][\/et_pb_fullwidth_code][et_pb_fullwidth_menu menu_id=\u00bb160&#8243; submenu_direction=\u00bbdownwards\u00bb fullwidth_menu=\u00bboff\u00bb _builder_version=\u00bb4.9.3&#8243; menu_font_size=\u00bb16px\u00bb background_color=\u00bb#0C71C3&#8243; background_layout=\u00bbdark\u00bb]<br \/>\n[\/et_pb_fullwidth_menu][\/et_pb_section][et_pb_section fb_built=\u00bb1&#8243; specialty=\u00bbon\u00bb _builder_version=\u00bb3.22.3&#8243;][et_pb_column type=\u00bb2_3&#8243; specialty_columns=\u00bb4&#8243; _builder_version=\u00bb3.25&#8243; custom_padding=\u00bb|||\u00bb custom_padding__hover=\u00bb|||\u00bb][et_pb_row_inner admin_label=\u00bbRow\u00bb _builder_version=\u00bb3.25&#8243;][et_pb_column_inner saved_specialty_column_type=\u00bb2_3&#8243; _builder_version=\u00bb3.0.47&#8243; custom_padding=\u00bb|||\u00bb custom_padding__hover=\u00bb|||\u00bb][et_pb_text _builder_version=\u00bb4.9.3&#8243;]<\/p>\n<h2><span style=\"color: #800000;\">Reuni\u00f3n del Vac\u00edo Ib\u00e9rico 2021<\/span><\/h2>\n<p>[\/et_pb_text][et_pb_text _builder_version=\u00bb4.9.3&#8243;]<\/p>\n<p>La Conferencia <b>Ib\u00e9rica<\/b><b> de <\/b><b>Vac\u00edo<\/b> <b>, (<\/b><b>Reuni\u00f3n<\/b> <b>Ib\u00e9rica<\/b><b> de <\/b><b>Vac\u00edo<\/b><b>, RIVA) <\/b>es una reuni\u00f3n conjunta de la <b>Sociedad Portuguesa de Vac\u00edo <\/b><b>(SOPORVAC<\/b>) y la<b> Sociedad Espa\u00f1ola de Vac\u00edo <\/b><b>(ASEVA<\/b>), y sigue la serie iniciada en Braga, Portugal, en 1988, con localizaci\u00f3n itinerante entre Portugal y Espa\u00f1a. El objetivo principal de esta conferencia es cubrir los campos del vac\u00edo y sus aplicaciones, acogiendo ciencias fundamentales y aplicadas bajo un paraguas com\u00fan. <\/p>\n<p>El objetivo de la Conferencia es proporcionar un foro donde se discutan los resultados m\u00e1s relevantes y recientes sobre estas \u00e1reas. Invitamos a cient\u00edficos e ingenieros, especialmente de Portugal, Espa\u00f1a y pa\u00edses iberoamericanos, a participar en este evento. Se anima especialmente a la participaci\u00f3n de cient\u00edficos Junior.  <\/p>\n<p><b>2021 RIVA tendr\u00e1 lugar ON-LINE del 4 al 6<\/b><b>a<\/b><b> octubre de 2021.<\/b><\/p>\n<p><b>Ten en cuenta que se espera que las conferencias RIVA presenciales\/mixtas vuelvan en 2022.<\/b><\/p>\n<p>[\/et_pb_text][et_pb_text _builder_version=\u00bb4.9.10&#8243; hover_enabled=\u00bb0&#8243; sticky_enabled=\u00bb0&#8243;]<\/p>\n<p>Para m\u00e1s informaci\u00f3n: <a href=\"m&#97;&#105;&#x6c;&#x74;o:&#105;&#110;&#x66;&#x6f;&#64;a&#115;&#101;&#x76;&#x61;&#46;e&#115;\"><u>&#105;n&#x66;o&#x40;&#97;&#x73;&#101;&#x76;&#97;&#46;&#x65;s<\/u><\/a><\/p>\n<p>[\/et_pb_text][\/et_pb_column_inner][\/et_pb_row_inner][\/et_pb_column][et_pb_column type=\u00bb1_3&#8243; _builder_version=\u00bb3.25&#8243; custom_padding=\u00bb|||\u00bb custom_padding__hover=\u00bb|||\u00bb][et_pb_sidebar area=\u00bbet_pb_widget_area_4&#8243; _builder_version=\u00bb4.9.3&#8243;]<br \/>\n[\/et_pb_sidebar][\/et_pb_column][\/et_pb_section]<\/p>\n","protected":false},"excerpt":{"rendered":"<p>[masterslider alias=\u00bbriva-online\u00bb] Reuni\u00f3n del Vac\u00edo Ib\u00e9rico 2021La Conferencia Ib\u00e9rica de Vac\u00edo , (Reuni\u00f3n Ib\u00e9rica de Vac\u00edo, RIVA) es una reuni\u00f3n conjunta de la Sociedad Portuguesa de Vac\u00edo (SOPORVAC) y la [&hellip;]<\/p>\n","protected":false},"author":3,"featured_media":0,"parent":7184,"menu_order":0,"comment_status":"closed","ping_status":"closed","template":"","meta":{"_et_pb_use_builder":"on","_et_pb_old_content":"","_et_gb_content_width":"","_EventAllDay":false,"_EventTimezone":"","_EventStartDate":"","_EventEndDate":"","_EventStartDateUTC":"","_EventEndDateUTC":"","_EventShowMap":false,"_EventShowMapLink":false,"_EventURL":"","_EventCost":"","_EventCostDescription":"","_EventCurrencySymbol":"","_EventCurrencyCode":"","_EventCurrencyPosition":"","_EventDateTimeSeparator":"","_EventTimeRangeSeparator":"","_EventOrganizerID":[],"_EventVenueID":[],"_OrganizerEmail":"","_OrganizerPhone":"","_OrganizerWebsite":"","_VenueAddress":"","_VenueCity":"","_VenueCountry":"","_VenueProvince":"","_VenueState":"","_VenueZip":"","_VenuePhone":"","_VenueURL":"","_VenueStateProvince":"","_VenueLat":"","_VenueLng":"","_VenueShowMap":false,"_VenueShowMapLink":false,"footnotes":""},"class_list":["post-7195","page","type-page","status-publish","hentry"],"_links":{"self":[{"href":"https:\/\/aseva.es\/es\/wp-json\/wp\/v2\/pages\/7195","targetHints":{"allow":["GET"]}}],"collection":[{"href":"https:\/\/aseva.es\/es\/wp-json\/wp\/v2\/pages"}],"about":[{"href":"https:\/\/aseva.es\/es\/wp-json\/wp\/v2\/types\/page"}],"author":[{"embeddable":true,"href":"https:\/\/aseva.es\/es\/wp-json\/wp\/v2\/users\/3"}],"replies":[{"embeddable":true,"href":"https:\/\/aseva.es\/es\/wp-json\/wp\/v2\/comments?post=7195"}],"version-history":[{"count":2,"href":"https:\/\/aseva.es\/es\/wp-json\/wp\/v2\/pages\/7195\/revisions"}],"predecessor-version":[{"id":7197,"href":"https:\/\/aseva.es\/es\/wp-json\/wp\/v2\/pages\/7195\/revisions\/7197"}],"up":[{"embeddable":true,"href":"https:\/\/aseva.es\/es\/wp-json\/wp\/v2\/pages\/7184"}],"wp:attachment":[{"href":"https:\/\/aseva.es\/es\/wp-json\/wp\/v2\/media?parent=7195"}],"curies":[{"name":"wp","href":"https:\/\/api.w.org\/{rel}","templated":true}]}}