{"id":7109,"date":"2016-07-20T10:27:30","date_gmt":"2016-07-20T08:27:30","guid":{"rendered":"https:\/\/aseva.es\/premios\/"},"modified":"2025-09-17T13:42:44","modified_gmt":"2025-09-17T11:42:44","slug":"premios","status":"publish","type":"page","link":"https:\/\/aseva.es\/es\/subvenciones-y-premios\/premios\/","title":{"rendered":"Premios"},"content":{"rendered":"<p>[et_pb_section fb_built=\u00bb1&#8243; fullwidth=\u00bbon\u00bb admin_label=\u00bbPage Header\u00bb _builder_version=\u00bb4.16&#8243; background_enable_image=\u00bboff\u00bb parallax=\u00bbon\u00bb global_colors_info=\u00bb{}\u00bb][et_pb_fullwidth_header title=\u00bbPremios\u00bb _builder_version=\u00bb4.16&#8243; background_color=\u00bb#4f97df\u00bb saved_tabs=\u00bball\u00bb global_colors_info=\u00bb{}\u00bb button_one_text_size__hover_enabled=\u00bboff\u00bb button_one_text_size__hover=\u00bbnull\u00bb button_two_text_size__hover_enabled=\u00bboff\u00bb button_two_text_size__hover=\u00bbnull\u00bb button_one_text_color__hover_enabled=\u00bboff\u00bb button_one_text_color__hover=\u00bbnull\u00bb button_two_text_color__hover_enabled=\u00bboff\u00bb button_two_text_color__hover=\u00bbnull\u00bb button_one_border_width__hover_enabled=\u00bboff\u00bb button_one_border_width__hover=\u00bbnull\u00bb button_two_border_width__hover_enabled=\u00bboff\u00bb button_two_border_width__hover=\u00bbnull\u00bb button_one_border_color__hover_enabled=\u00bboff\u00bb button_one_border_color__hover=\u00bbnull\u00bb button_two_border_color__hover_enabled=\u00bboff\u00bb button_two_border_color__hover=\u00bbnull\u00bb button_one_border_radius__hover_enabled=\u00bboff\u00bb button_one_border_radius__hover=\u00bbnull\u00bb button_two_border_radius__hover_enabled=\u00bboff\u00bb button_two_border_radius__hover=\u00bbnull\u00bb button_one_letter_spacing__hover_enabled=\u00bboff\u00bb button_one_letter_spacing__hover=\u00bbnull\u00bb button_two_letter_spacing__hover_enabled=\u00bboff\u00bb button_two_letter_spacing__hover=\u00bbnull\u00bb button_one_bg_color__hover_enabled=\u00bboff\u00bb button_one_bg_color__hover=\u00bbnull\u00bb button_two_bg_color__hover_enabled=\u00bboff\u00bb button_two_bg_color__hover=\u00bbnull\u00bb][\/et_pb_fullwidth_header][\/et_pb_section][et_pb_section fb_built=\u00bb1&#8243; admin_label=\u00bbTestimonials\u00bb _builder_version=\u00bb4.16&#8243; use_background_color_gradient=\u00bbon\u00bb background_color_gradient_stops=\u00bbrgba(76,72,227,0.96) 0%|rgba(73,108,220,0.93) 100%\u00bb background_color_gradient_start=\u00bbrgba(76,72,227,0.96)\u00bb background_color_gradient_end=\u00bbrgba(73,108,220,0.93)\u00bb custom_margin=\u00bb||||false|false\u00bb custom_padding=\u00bb30px||40px||false|false\u00bb animation_style=\u00bbfold\u00bb animation_direction=\u00bbbottom\u00bb animation_intensity_fold=\u00bb4%\u00bb collapsed=\u00bboff\u00bb global_colors_info=\u00bb{}\u00bb][et_pb_row column_structure=\u00bb1_3,1_3,1_3&#8243; _builder_version=\u00bb4.16&#8243; background_size=\u00bbinitial\u00bb background_position=\u00bbtop_left\u00bb background_repeat=\u00bbrepeat\u00bb custom_margin=\u00bb||||false|false\u00bb custom_padding=\u00bb20px||||false|false\u00bb custom_width_px=\u00bb710px\u00bb locked=\u00bboff\u00bb collapsed=\u00bboff\u00bb global_colors_info=\u00bb{}\u00bb][et_pb_column type=\u00bb1_3&#8243; _builder_version=\u00bb4.16&#8243; background_position=\u00bbtop_left\u00bb custom_padding=\u00bb|||\u00bb global_colors_info=\u00bb{}\u00bb custom_padding__hover=\u00bb|||\u00bb][\/et_pb_column][et_pb_column type=\u00bb1_3&#8243; _builder_version=\u00bb4.16&#8243; custom_padding=\u00bb|||\u00bb global_colors_info=\u00bb{}\u00bb custom_padding__hover=\u00bb|||\u00bb][et_pb_text admin_label=\u00bbRequest Section Title\u00bb _builder_version=\u00bb4.16&#8243; text_font=\u00bb||||||||\u00bb header_font=\u00bbMontserrat||||\u00bb header_font_size=\u00bb36px\u00bb background_size=\u00bbinitial\u00bb background_position=\u00bbtop_left\u00bb background_repeat=\u00bbrepeat\u00bb text_orientation=\u00bbcenter\u00bb background_layout=\u00bbdark\u00bb max_width=\u00bb710px\u00bb module_alignment=\u00bbcenter\u00bb animation_style=\u00bbfold\u00bb animation_direction=\u00bbbottom\u00bb animation_intensity_fold=\u00bb20%\u00bb global_colors_info=\u00bb{}\u00bb]<\/p>\n<h1 style=\"text-align: center;\">Premios ASEVA<\/h1>\n<p>[\/et_pb_text][\/et_pb_column][et_pb_column type=\u00bb1_3&#8243; _builder_version=\u00bb4.16&#8243; custom_padding=\u00bb|||\u00bb global_colors_info=\u00bb{}\u00bb custom_padding__hover=\u00bb|||\u00bb][\/et_pb_column][\/et_pb_row][et_pb_row column_structure=\u00bb1_3,1_3,1_3&#8243; _builder_version=\u00bb4.16&#8243; custom_padding=\u00bb0px|0px|49px|0px|false|false\u00bb collapsed=\u00bboff\u00bb global_colors_info=\u00bb{}\u00bb][et_pb_column type=\u00bb1_3&#8243; _builder_version=\u00bb4.24.2&#8243; _module_preset=\u00bbdefault\u00bb global_colors_info=\u00bb{}\u00bb][et_pb_testimonial author=\u00bbJavier Castillo Seoane\u00bb portrait_url=\u00bbhttps:\/\/aseva.es\/wp-content\/uploads\/2025\/09\/Javier-Castillo-300&#215;300.jpg\u00bb quote_icon=\u00bboff\u00bb portrait_width=\u00bb150px\u00bb portrait_height=\u00bb150px\u00bb admin_label=\u00bbTestimonial 01&#8243; _builder_version=\u00bb4.27.4&#8243; body_font=\u00bb||||\u00bb body_text_align=\u00bbcenter\u00bb body_font_size=\u00bb16px\u00bb author_text_align=\u00bbcenter\u00bb use_background_color=\u00bboff\u00bb background_size=\u00bbinitial\u00bb background_position=\u00bbtop_left\u00bb background_repeat=\u00bbrepeat\u00bb text_orientation=\u00bbcenter\u00bb background_layout=\u00bbdark\u00bb animation_style=\u00bbfold\u00bb animation_direction=\u00bbright\u00bb animation_intensity_fold=\u00bb20%\u00bb hover_enabled=\u00bb0&#8243; global_colors_info=\u00bb{}\u00bb sticky_enabled=\u00bb0&#8243;]<\/p>\n<p style=\"text-align: center;\"><strong>Premio ASEVA PhD 2025:<br \/><\/strong>\u00abNanoestructuras funcionales para la interacci\u00f3n luz-materia\u00bb<br \/>Instituto de Qu\u00edmica F\u00edsica Blas Cabrera<\/p>\n<p>[\/et_pb_testimonial][\/et_pb_column][et_pb_column type=\u00bb1_3&#8243; _builder_version=\u00bb4.24.2&#8243; _module_preset=\u00bbdefault\u00bb global_colors_info=\u00bb{}\u00bb][et_pb_testimonial author=\u00bbMiguel Sanz Novo\u00bb portrait_url=\u00bbhttps:\/\/aseva.es\/wp-content\/uploads\/2024\/03\/Miguel-Sanz-Novo.jpg\u00bb quote_icon=\u00bboff\u00bb portrait_width=\u00bb150px\u00bb portrait_height=\u00bb150px\u00bb admin_label=\u00bbTestimonial 01&#8243; _builder_version=\u00bb4.24.2&#8243; body_font=\u00bb||||\u00bb body_text_align=\u00bbcenter\u00bb body_font_size=\u00bb16px\u00bb author_text_align=\u00bbcenter\u00bb use_background_color=\u00bboff\u00bb background_size=\u00bbinitial\u00bb background_position=\u00bbtop_left\u00bb background_repeat=\u00bbrepeat\u00bb text_orientation=\u00bbcenter\u00bb background_layout=\u00bbdark\u00bb animation_style=\u00bbfold\u00bb animation_direction=\u00bbright\u00bb animation_intensity_fold=\u00bb20%\u00bb global_colors_info=\u00bb{}\u00bb]<\/p>\n<p style=\"text-align: center;\"><strong>Premios a la mejor tesis 2023:<br \/><\/strong>\u00abDe los sistemas interestelares a las biomol\u00e9culas y org\u00e1nicos terrestres: un estudio rotacional sin\u00e9rgico te\u00f3rico y experimental\u00bb<br \/>Universidad de Valladolid. Jos\u00e9 Luis Alonso Hern\u00e1ndez y Carmen Barrientos Benito <\/p>\n<p>[\/et_pb_testimonial][\/et_pb_column][et_pb_column type=\u00bb1_3&#8243; _builder_version=\u00bb4.24.2&#8243; _module_preset=\u00bbdefault\u00bb global_colors_info=\u00bb{}\u00bb][et_pb_testimonial author=\u00bbSandra Ru\u00edz G\u00f3mez\u00bb portrait_url=\u00bbhttps:\/\/aseva.es\/wp-content\/uploads\/2021\/07\/sandra-ruiz-gomez.jpg\u00bb quote_icon=\u00bboff\u00bb portrait_width=\u00bb150px\u00bb portrait_height=\u00bb150px\u00bb admin_label=\u00bbTestimonial 01&#8243; _builder_version=\u00bb4.27.4&#8243; body_font=\u00bb||||\u00bb body_text_align=\u00bbcenter\u00bb body_font_size=\u00bb16px\u00bb author_text_align=\u00bbcenter\u00bb use_background_color=\u00bboff\u00bb background_size=\u00bbinitial\u00bb background_position=\u00bbtop_left\u00bb background_repeat=\u00bbrepeat\u00bb text_orientation=\u00bbcenter\u00bb background_layout=\u00bbdark\u00bb animation_style=\u00bbfold\u00bb animation_direction=\u00bbright\u00bb animation_intensity_fold=\u00bb20%\u00bb hover_enabled=\u00bb0&#8243; global_colors_info=\u00bb{}\u00bb sticky_enabled=\u00bb0&#8243;]<\/p>\n<p style=\"text-align: center;\"><strong>Premios a la mejor tesis 2021:<br \/><\/strong>\u00abNanomateriales para el almacenamiento magn\u00e9tico de datos\u00bb<br \/>Directores UCM: Arantzazu Mascaraque y Lucas P\u00e9rez<\/p>\n<p>[\/et_pb_testimonial][\/et_pb_column][\/et_pb_row][et_pb_row column_structure=\u00bb1_3,1_3,1_3&#8243; _builder_version=\u00bb4.16&#8243; custom_padding=\u00bb0px|0px|0px|0px|false|false\u00bb collapsed=\u00bboff\u00bb global_colors_info=\u00bb{}\u00bb][et_pb_column type=\u00bb1_3&#8243; _builder_version=\u00bb4.16&#8243; custom_padding=\u00bb|||\u00bb global_colors_info=\u00bb{}\u00bb custom_padding__hover=\u00bb|||\u00bb][et_pb_testimonial portrait_url=\u00bbhttps:\/\/aseva.es\/wp-content\/uploads\/2020\/04\/miguel-400px.jpg\u00bb quote_icon=\u00bboff\u00bb portrait_width=\u00bb150px\u00bb portrait_height=\u00bb150px\u00bb admin_label=\u00bbTestimonial 01&#8243; _builder_version=\u00bb4.16&#8243; body_font=\u00bb|700|||||||\u00bb body_text_align=\u00bbcenter\u00bb body_font_size=\u00bb16px\u00bb author_text_align=\u00bbcenter\u00bb use_background_color=\u00bboff\u00bb background_size=\u00bbinitial\u00bb background_position=\u00bbtop_left\u00bb background_repeat=\u00bbrepeat\u00bb text_orientation=\u00bbcenter\u00bb background_layout=\u00bbdark\u00bb animation_style=\u00bbfold\u00bb animation_direction=\u00bbright\u00bb animation_intensity_fold=\u00bb20%\u00bb global_colors_info=\u00bb{}\u00bb]<\/p>\n<p style=\"text-align: center;\">Mejor cient\u00edfico \u00abjunior\u00bb 2020:<br \/>Dr. Miguel Moreno Ugeda<\/p>\n<p>[\/et_pb_testimonial][\/et_pb_column][et_pb_column type=\u00bb1_3&#8243; _builder_version=\u00bb4.16&#8243; custom_padding=\u00bb|||\u00bb global_colors_info=\u00bb{}\u00bb custom_padding__hover=\u00bb|||\u00bb][et_pb_testimonial portrait_url=\u00bbhttps:\/\/aseva.es\/wp-content\/uploads\/2020\/04\/Foto-SF-400px.jpg\u00bb quote_icon=\u00bboff\u00bb portrait_width=\u00bb150px\u00bb portrait_height=\u00bb150px\u00bb admin_label=\u00bbTestimonial 01&#8243; _builder_version=\u00bb4.16&#8243; body_font=\u00bb|700|||||||\u00bb body_text_align=\u00bbcenter\u00bb body_font_size=\u00bb16px\u00bb author_text_align=\u00bbcenter\u00bb use_background_color=\u00bboff\u00bb background_size=\u00bbinitial\u00bb background_position=\u00bbtop_left\u00bb background_repeat=\u00bbrepeat\u00bb text_orientation=\u00bbcenter\u00bb background_layout=\u00bbdark\u00bb animation_style=\u00bbfold\u00bb animation_direction=\u00bbright\u00bb animation_intensity_fold=\u00bb20%\u00bb global_colors_info=\u00bb{}\u00bb]<\/p>\n<p style=\"text-align: center;\">\u00abToda una carrera consagrada\u00bb 2020:<br \/>Prof. Salvador Ferrer F\u00e1bregas<\/p>\n<p>[\/et_pb_testimonial][\/et_pb_column][et_pb_column type=\u00bb1_3&#8243; _builder_version=\u00bb4.16&#8243; custom_padding=\u00bb|||\u00bb global_colors_info=\u00bb{}\u00bb custom_padding__hover=\u00bb|||\u00bb][et_pb_testimonial portrait_url=\u00bbhttps:\/\/aseva.es\/wp-content\/uploads\/2020\/04\/edgardo-400px-1.jpg\u00bb quote_icon=\u00bboff\u00bb portrait_width=\u00bb150px\u00bb portrait_height=\u00bb150px\u00bb admin_label=\u00bbTestimonial 01&#8243; _builder_version=\u00bb4.16&#8243; body_font=\u00bb|700|||||||\u00bb body_text_align=\u00bbcenter\u00bb body_font_size=\u00bb16px\u00bb author_text_align=\u00bbcenter\u00bb use_background_color=\u00bboff\u00bb background_size=\u00bbinitial\u00bb background_position=\u00bbtop_left\u00bb background_repeat=\u00bbrepeat\u00bb text_orientation=\u00bbcenter\u00bb background_layout=\u00bbdark\u00bb animation_style=\u00bbfold\u00bb animation_direction=\u00bbright\u00bb animation_intensity_fold=\u00bb20%\u00bb global_colors_info=\u00bb{}\u00bb]<\/p>\n<p style=\"text-align: center;\">\u00abMejorar nuestro medio ambiente\u00bb 2020:<br \/>Dr. Edgardo Saucedo<\/p>\n<p>[\/et_pb_testimonial][\/et_pb_column][\/et_pb_row][et_pb_row column_structure=\u00bb1_3,1_3,1_3&#8243; _builder_version=\u00bb4.16&#8243; custom_padding=\u00bb30px|0px|27px|0px|false|false\u00bb collapsed=\u00bboff\u00bb global_colors_info=\u00bb{}\u00bb][et_pb_column type=\u00bb1_3&#8243; _builder_version=\u00bb4.16&#8243; custom_padding=\u00bb|||\u00bb global_colors_info=\u00bb{}\u00bb custom_padding__hover=\u00bb|||\u00bb][et_pb_testimonial author=\u00bbDra. Gloria An\u00e9mona\u00bb portrait_url=\u00bbhttps:\/\/aseva.es\/wp-content\/uploads\/2019\/04\/Gloria_Anemone_photo.jpg\u00bb quote_icon=\u00bboff\u00bb portrait_width=\u00bb150px\u00bb portrait_height=\u00bb150px\u00bb admin_label=\u00bbTestimonial 01&#8243; _builder_version=\u00bb4.16&#8243; body_font=\u00bb||||\u00bb body_text_align=\u00bbcenter\u00bb body_font_size=\u00bb16px\u00bb author_text_align=\u00bbcenter\u00bb use_background_color=\u00bboff\u00bb background_size=\u00bbinitial\u00bb background_position=\u00bbtop_left\u00bb background_repeat=\u00bbrepeat\u00bb text_orientation=\u00bbcenter\u00bb background_layout=\u00bbdark\u00bb animation_style=\u00bbfold\u00bb animation_direction=\u00bbright\u00bb animation_intensity_fold=\u00bb20%\u00bb global_colors_info=\u00bb{}\u00bb]<\/p>\n<p style=\"text-align: center;\"><strong>Mejor tesis doctoral 2017-19:<br \/><\/strong>\u00abDesarrollo de espejos at\u00f3micos de grafeno para microscop\u00eda con helio neutro\u00bb.<br \/>U.A.M. Supervisor: Daniel Far\u00eda. <\/p>\n<p>[\/et_pb_testimonial][\/et_pb_column][et_pb_column type=\u00bb1_3&#8243; _builder_version=\u00bb4.16&#8243; custom_padding=\u00bb|||\u00bb global_colors_info=\u00bb{}\u00bb custom_padding__hover=\u00bb|||\u00bb][\/et_pb_column][et_pb_column type=\u00bb1_3&#8243; _builder_version=\u00bb4.16&#8243; custom_padding=\u00bb|||\u00bb global_colors_info=\u00bb{}\u00bb custom_padding__hover=\u00bb|||\u00bb][et_pb_testimonial author=\u00bbDra. Paola Pellacani\u00bb portrait_url=\u00bbhttps:\/\/aseva.es\/wp-content\/uploads\/2018\/03\/Paola_Pellacani.jpg\u00bb quote_icon=\u00bboff\u00bb portrait_width=\u00bb150px\u00bb portrait_height=\u00bb150px\u00bb admin_label=\u00bbTestimonial 01&#8243; _builder_version=\u00bb4.16&#8243; body_font=\u00bb||||\u00bb body_text_align=\u00bbcenter\u00bb body_font_size=\u00bb16px\u00bb author_text_align=\u00bbcenter\u00bb use_background_color=\u00bboff\u00bb background_size=\u00bbinitial\u00bb background_position=\u00bbtop_left\u00bb background_repeat=\u00bbrepeat\u00bb background_layout=\u00bbdark\u00bb animation_style=\u00bbfold\u00bb animation_direction=\u00bbright\u00bb animation_intensity_fold=\u00bb20%\u00bb global_colors_info=\u00bb{}\u00bb]<\/p>\n<p style=\"text-align: center;\"><strong>Mejor tesis doctoral 2015-17: <\/strong><br \/>\u00abFabrication of 2D colloidal crystals over lage areas for biosensing\u00bb.<br \/>U.A.M. Supervisor: Miguel Manso. <\/p>\n<p>[\/et_pb_testimonial][\/et_pb_column][\/et_pb_row][\/et_pb_section][et_pb_section fb_built=\u00bb1&#8243; _builder_version=\u00bb4.16&#8243; _module_preset=\u00bbdefault\u00bb global_colors_info=\u00bb{}\u00bb][et_pb_row column_structure=\u00bb2_3,1_3&#8243; _builder_version=\u00bb4.16&#8243; _module_preset=\u00bbdefault\u00bb global_colors_info=\u00bb{}\u00bb][et_pb_column type=\u00bb2_3&#8243; _builder_version=\u00bb4.16&#8243; _module_preset=\u00bbdefault\u00bb global_colors_info=\u00bb{}\u00bb][et_pb_text _builder_version=\u00bb4.27.4&#8243; _module_preset=\u00bbdefault\u00bb global_colors_info=\u00bb{}\u00bb]<\/p>\n<h2><span>Premio Aseva a la mejor Tesis Doctoral<\/span> (5\u00aa Edici\u00f3n)<\/h2>\n<p>Aqu\u00ed tienes las condiciones para solicitarlo:<\/p>\n<ol>\n<li>La tesis doctoral debe haber sido defendida en una universidad espa\u00f1ola.<\/li>\n<li>El tema cient\u00edfico de la tesis debe alinearse con una de las \u00e1reas de inter\u00e9s cient\u00edfico de ASEVA.<\/li>\n<li>La defensa de la tesis doctoral debe tener lugar entre mayo de 2023 y el 15 de abril de 2025.<\/li>\n<li>Los candidatos al Premio ASEVA de Tesis Doctorales deben ser miembros de ASEVA<em>(la afiliaci\u00f3n es gratuita en <a rel=\"noopener\" target=\"_new\" href=\"https:\/\/aseva.es\/es\/\"><span> https:\/\/aseva.es\/)<\/span><\/a>.<\/em><\/li>\n<li>Los candidatos deben enviar el manuscrito de su tesis doctoral (.pdf) y un CV por correo electr\u00f3nico a <a rel=\"noopener\"><span>info<\/span><span>@aseva<\/span><span>.es<\/span><\/a> antes del 15 de abril de 2025.<\/li>\n<\/ol>\n<p>El Comit\u00e9 Cient\u00edfico de la ASEVA es responsable de evaluar y seleccionar al galardonado bas\u00e1ndose en los siguientes criterios: documento de tesis doctoral, publicaciones, patentes, presentaciones en congresos, actividades de divulgaci\u00f3n, entre otros.<\/p>\n<p><strong>El premio incluye:<\/strong><\/p>\n<ul>\n<li>Un diploma.<\/li>\n<li>Un premio en met\u00e1lico de 600 euros.<\/li>\n<li>Una invitaci\u00f3n para presentar una ponencia en IBERTRB\/RIVA2025, que tendr\u00e1 lugar en Coimbra, Portugal, los d\u00edas 18 y 19 de junio de 2025.<\/li>\n<\/ul>\n<p>Este reconocimiento destaca la excelencia en la investigaci\u00f3n y proporciona una plataforma para mostrar trabajos innovadores a la comunidad cient\u00edfica.<\/p>\n<p>[\/et_pb_text][\/et_pb_column][et_pb_column type=\u00bb1_3&#8243; _builder_version=\u00bb4.16&#8243; _module_preset=\u00bbdefault\u00bb global_colors_info=\u00bb{}\u00bb][et_pb_image src=\u00bbhttps:\/\/aseva.es\/wp-content\/uploads\/2025\/01\/ASEVA-Thesis-Awards.png\u00bb title_text=\u00bbPremios de tesis ASEVA\u00bb _builder_version=\u00bb4.27.4&#8243; _module_preset=\u00bbdefault\u00bb global_colors_info=\u00bb{}\u00bb][\/et_pb_image][\/et_pb_column][\/et_pb_row][\/et_pb_section][et_pb_section fb_built=\u00bb1&#8243; admin_label=\u00bbSplit Section\u00bb _builder_version=\u00bb4.16&#8243; background_color=\u00bb#f2f2f2&#8243; custom_padding=\u00bb0px||0px|\u00bb animation_style=\u00bbfold\u00bb animation_direction=\u00bbbottom\u00bb animation_intensity_fold=\u00bb4%\u00bb global_colors_info=\u00bb{}\u00bb][et_pb_row column_structure=\u00bb1_5,3_5,1_5&#8243; use_custom_gutter=\u00bbon\u00bb gutter_width=\u00bb1&#8243; make_equal=\u00bbon\u00bb module_class=\u00bb et_pb_row_fullwidth\u00bb _builder_version=\u00bb4.16&#8243; background_size=\u00bbinitial\u00bb background_position=\u00bbtop_left\u00bb background_repeat=\u00bbrepeat\u00bb width=\u00bb100%\u00bb width_tablet=\u00bb100%\u00bb width_phone=\u00bb\u00bb width_last_edited=\u00bbon|desktop\u00bb max_width=\u00bb100%\u00bb max_width_tablet=\u00bb100%\u00bb max_width_phone=\u00bb\u00bb max_width_last_edited=\u00bbon|desktop\u00bb custom_margin=\u00bb|||\u00bb custom_padding=\u00bb0px||0px||false|false\u00bb animation_style=\u00bbflip\u00bb animation_direction=\u00bbleft\u00bb animation_intensity_flip=\u00bb20%\u00bb make_fullwidth=\u00bbon\u00bb global_colors_info=\u00bb{}\u00bb][et_pb_column type=\u00bb1_5&#8243; _builder_version=\u00bb4.16&#8243; background_color=\u00bb#f4f4f4&#8243; background_position=\u00bbtop_left\u00bb custom_padding=\u00bb4%|3%|4%|8%\u00bb custom_padding_tablet=\u00bb\u00bb custom_padding_phone=\u00bb80px|10%|80px|10%\u00bb custom_padding_last_edited=\u00bbon|desktop\u00bb global_colors_info=\u00bb{}\u00bb custom_padding__hover=\u00bb|||\u00bb][\/et_pb_column][et_pb_column type=\u00bb3_5&#8243; _builder_version=\u00bb4.16&#8243; background_color=\u00bb#f4f4f4&#8243; background_position=\u00bbtop_left\u00bb custom_padding=\u00bb4%|3%|4%|8%\u00bb custom_padding_tablet=\u00bb\u00bb custom_padding_phone=\u00bb80px|10%|80px|10%\u00bb custom_padding_last_edited=\u00bbon|desktop\u00bb global_colors_info=\u00bb{}\u00bb custom_padding__hover=\u00bb|||\u00bb][et_pb_text _builder_version=\u00bb4.27.4&#8243; _module_preset=\u00bbdefault\u00bb text_font=\u00bb|600|||||||\u00bb text_text_color=\u00bb#0C71C3&#8243; text_font_size=\u00bb34px\u00bb custom_padding=\u00bb||24px|||\u00bb global_colors_info=\u00bb{}\u00bb]<\/p>\n<p>Premios anteriores<\/p>\n<p>[\/et_pb_text][et_pb_blog include_categories=\u00bb137&#8243; show_thumbnail=\u00bboff\u00bb show_content=\u00bbon\u00bb show_author=\u00bboff\u00bb show_date=\u00bboff\u00bb show_categories=\u00bboff\u00bb show_pagination=\u00bboff\u00bb _builder_version=\u00bb4.27.4&#8243; _module_preset=\u00bbdefault\u00bb global_colors_info=\u00bb{}\u00bb][\/et_pb_blog][\/et_pb_column][et_pb_column type=\u00bb1_5&#8243; _builder_version=\u00bb4.16&#8243; background_color=\u00bb#f4f4f4&#8243; background_position=\u00bbtop_left\u00bb custom_padding=\u00bb4%|3%|4%|8%\u00bb custom_padding_tablet=\u00bb\u00bb custom_padding_phone=\u00bb80px|10%|80px|10%\u00bb custom_padding_last_edited=\u00bbon|desktop\u00bb global_colors_info=\u00bb{}\u00bb custom_padding__hover=\u00bb|||\u00bb][\/et_pb_column][\/et_pb_row][\/et_pb_section][et_pb_section fb_built=\u00bb1&#8243; admin_label=\u00bbFooter\u00bb _builder_version=\u00bb4.16&#8243; background_image=\u00bbhttps:\/\/aseva.es\/wp-content\/uploads\/2018\/03\/business-01.jpg\u00bb parallax=\u00bbon\u00bb custom_padding=\u00bb90px||90px|\u00bb saved_tabs=\u00bball\u00bb global_colors_info=\u00bb{}\u00bb][et_pb_row use_custom_gutter=\u00bbon\u00bb gutter_width=\u00bb2&#8243; make_equal=\u00bbon\u00bb _builder_version=\u00bb4.16&#8243; background_size=\u00bbinitial\u00bb background_position=\u00bbtop_left\u00bb background_repeat=\u00bbrepeat\u00bb custom_padding=\u00bb|||\u00bb global_colors_info=\u00bb{}\u00bb][et_pb_column type=\u00bb4_4&#8243; _builder_version=\u00bb4.16&#8243; background_color=\u00bb#ffffff\u00bb background_position=\u00bbtop_left\u00bb custom_padding=\u00bb50px|40px|50px|40px\u00bb global_colors_info=\u00bb{}\u00bb custom_padding__hover=\u00bb|||\u00bb][et_pb_text admin_label=\u00bbContact US Title\u00bb _builder_version=\u00bb4.16&#8243; text_font_size=\u00bb16px\u00bb header_font=\u00bbMontserrat||||\u00bb header_text_color=\u00bb#1f1f1f\u00bb header_font_size=\u00bb22px\u00bb custom_padding=\u00bb0px|0px|0px|0px\u00bb animation_style=\u00bbfold\u00bb animation_direction=\u00bbbottom\u00bb animation_intensity_fold=\u00bb20%\u00bb global_colors_info=\u00bb{}\u00bb]<\/p>\n<h1>Contacta con nosotros<\/h1>\n<p>[\/et_pb_text][et_pb_text admin_label=\u00bbContact US Text\u00bb _builder_version=\u00bb4.16&#8243; text_font_size=\u00bb16px\u00bb text_line_height=\u00bb1.8em\u00bb header_font=\u00bb||||\u00bb header_text_color=\u00bb#1f1f1f\u00bb custom_margin=\u00bb20px||40px|\u00bb custom_padding=\u00bb0px|0px|0px|0px\u00bb animation_style=\u00bbfold\u00bb animation_direction=\u00bbbottom\u00bb animation_intensity_fold=\u00bb20%\u00bb global_colors_info=\u00bb{}\u00bb]<\/p>\n<p>\nEnv\u00edanos<\/p>\n<p>[\/et_pb_text][et_pb_blurb use_icon=\u00bbon\u00bb font_icon=\u00bb&#xe081;||divi||400&#8243; icon_color=\u00bb#6eba01&#8243; icon_placement=\u00bbleft\u00bb image_icon_width=\u00bb28px\u00bb image_icon_width_last_edited=\u00bboff|desktop\u00bb admin_label=\u00bbAddress\u00bb _builder_version=\u00bb4.16&#8243; body_font_size=\u00bb16px\u00bb custom_margin=\u00bb|||\u00bb animation_style=\u00bbfold\u00bb animation_direction=\u00bbbottom\u00bb animation_intensity_fold=\u00bb20%\u00bb icon_font_size=\u00bb28px\u00bb icon_font_size_last_edited=\u00bboff|desktop\u00bb global_colors_info=\u00bb{}\u00bb]<\/p>\n<p style=\"text-align: center;\">C\/ Sor Juana In\u00e9s de la Cruz.<\/p>\n<p>28049 Madrid. Espa\u00f1a <\/p>\n<p>[\/et_pb_blurb][et_pb_blurb use_icon=\u00bbon\u00bb font_icon=\u00bb&#xe00b;||divi||400&#8243; icon_color=\u00bb#6eba01&#8243; icon_placement=\u00bbleft\u00bb image_icon_width=\u00bb28px\u00bb image_icon_width_last_edited=\u00bboff|desktop\u00bb _builder_version=\u00bb4.16&#8243; body_font_size=\u00bb16px\u00bb custom_margin=\u00bb|||\u00bb animation_style=\u00bbfold\u00bb animation_direction=\u00bbbottom\u00bb animation_intensity_fold=\u00bb20%\u00bb icon_font_size=\u00bb28px\u00bb icon_font_size_last_edited=\u00bboff|desktop\u00bb global_colors_info=\u00bb{}\u00bb]<\/p>\n<p>\n+34 913349001<\/p>\n<p>[\/et_pb_blurb][et_pb_blurb use_icon=\u00bbon\u00bb font_icon=\u00bb&#xe076;||divi||400&#8243; icon_color=\u00bb#6eba01&#8243; icon_placement=\u00bbleft\u00bb image_icon_width=\u00bb28px\u00bb image_icon_width_last_edited=\u00bboff|desktop\u00bb admin_label=\u00bbEmail\u00bb _builder_version=\u00bb4.16&#8243; body_font_size=\u00bb16px\u00bb custom_margin=\u00bb|||\u00bb animation_style=\u00bbfold\u00bb animation_direction=\u00bbbottom\u00bb animation_intensity_fold=\u00bb20%\u00bb icon_font_size=\u00bb28px\u00bb icon_font_size_last_edited=\u00bboff|desktop\u00bb global_colors_info=\u00bb{}\u00bb]<\/p>\n<p>&#105;&#x6e;&#x66;&#111;&#x40;&#x61;&#115;&#x65;&#x76;&#97;&#x2e;&#x65;&#115;<\/p>\n<p>[\/et_pb_blurb][et_pb_social_media_follow admin_label=\u00bbFacebook\u00bb _builder_version=\u00bb4.16&#8243; text_orientation=\u00bbcenter\u00bb custom_margin=\u00bb|||\u00bb border_radii=\u00bbon|100%|100%|100%|100%\u00bb link_shape=\u00bbcircle\u00bb global_colors_info=\u00bb{}\u00bb][et_pb_social_media_follow_network social_network=\u00bbtwitter\u00bb url=\u00bbhttps:\/\/twitter.com\/aseva_info\u00bb _builder_version=\u00bb4.16&#8243; background_color=\u00bb#c1c1c1&#8243; custom_margin=\u00bb|10px||\u00bb bg_color=\u00bb#00aced\u00bb global_colors_info=\u00bb{}\u00bb follow_button=\u00bboff\u00bb url_new_window=\u00bbon\u00bb]twitter[\/et_pb_social_media_follow_network][\/et_pb_social_media_follow][\/et_pb_column][\/et_pb_row][\/et_pb_section]<\/p>\n","protected":false},"excerpt":{"rendered":"<p>Premios ASEVAPremio ASEVA PhD 2025:\u00bbNanoestructuras funcionales para la interacci\u00f3n luz-materia\u00bbInstituto de Qu\u00edmica F\u00edsica Blas CabreraPremios a la mejor tesis 2023:\u00bbDe los sistemas interestelares a las biomol\u00e9culas y org\u00e1nicos terrestres: un [&hellip;]<\/p>\n","protected":false},"author":3,"featured_media":0,"parent":7207,"menu_order":2,"comment_status":"closed","ping_status":"closed","template":"","meta":{"_et_pb_use_builder":"on","_et_pb_old_content":"","_et_gb_content_width":"","_EventAllDay":false,"_EventTimezone":"","_EventStartDate":"","_EventEndDate":"","_EventStartDateUTC":"","_EventEndDateUTC":"","_EventShowMap":false,"_EventShowMapLink":false,"_EventURL":"","_EventCost":"","_EventCostDescription":"","_EventCurrencySymbol":"","_EventCurrencyCode":"","_EventCurrencyPosition":"","_EventDateTimeSeparator":"","_EventTimeRangeSeparator":"","_EventOrganizerID":[],"_EventVenueID":[],"_OrganizerEmail":"","_OrganizerPhone":"","_OrganizerWebsite":"","_VenueAddress":"","_VenueCity":"","_VenueCountry":"","_VenueProvince":"","_VenueState":"","_VenueZip":"","_VenuePhone":"","_VenueURL":"","_VenueStateProvince":"","_VenueLat":"","_VenueLng":"","_VenueShowMap":false,"_VenueShowMapLink":false,"footnotes":""},"class_list":["post-7109","page","type-page","status-publish","hentry"],"_links":{"self":[{"href":"https:\/\/aseva.es\/es\/wp-json\/wp\/v2\/pages\/7109","targetHints":{"allow":["GET"]}}],"collection":[{"href":"https:\/\/aseva.es\/es\/wp-json\/wp\/v2\/pages"}],"about":[{"href":"https:\/\/aseva.es\/es\/wp-json\/wp\/v2\/types\/page"}],"author":[{"embeddable":true,"href":"https:\/\/aseva.es\/es\/wp-json\/wp\/v2\/users\/3"}],"replies":[{"embeddable":true,"href":"https:\/\/aseva.es\/es\/wp-json\/wp\/v2\/comments?post=7109"}],"version-history":[{"count":8,"href":"https:\/\/aseva.es\/es\/wp-json\/wp\/v2\/pages\/7109\/revisions"}],"predecessor-version":[{"id":7987,"href":"https:\/\/aseva.es\/es\/wp-json\/wp\/v2\/pages\/7109\/revisions\/7987"}],"up":[{"embeddable":true,"href":"https:\/\/aseva.es\/es\/wp-json\/wp\/v2\/pages\/7207"}],"wp:attachment":[{"href":"https:\/\/aseva.es\/es\/wp-json\/wp\/v2\/media?parent=7109"}],"curies":[{"name":"wp","href":"https:\/\/api.w.org\/{rel}","templated":true}]}}