{"id":6853,"date":"2016-07-20T10:26:36","date_gmt":"2016-07-20T08:26:36","guid":{"rendered":"https:\/\/aseva.es\/inicio\/"},"modified":"2025-04-02T20:50:31","modified_gmt":"2025-04-02T18:50:31","slug":"inicio","status":"publish","type":"page","link":"https:\/\/aseva.es\/es\/","title":{"rendered":"Inicio"},"content":{"rendered":"<p>[et_pb_section fb_built=\u00bb1&#8243; fullwidth=\u00bbon\u00bb admin_label=\u00bbsection\u00bb _builder_version=\u00bb4.16&#8243; custom_padding=\u00bb||0px||false|false\u00bb global_colors_info=\u00bb{}\u00bb][et_pb_fullwidth_code _builder_version=\u00bb4.24.2&#8243; background_size=\u00bbinitial\u00bb background_position=\u00bbtop_left\u00bb background_repeat=\u00bbrepeat\u00bb global_colors_info=\u00bb{}\u00bb][\/et_pb_fullwidth_code][\/et_pb_section][et_pb_section fb_built=\u00bb1&#8243; _builder_version=\u00bb4.24.2&#8243; _module_preset=\u00bbdefault\u00bb global_colors_info=\u00bb{}\u00bb][et_pb_row _builder_version=\u00bb4.24.2&#8243; _module_preset=\u00bbdefault\u00bb min_height=\u00bb532.4px\u00bb custom_margin=\u00bb|120px||189px||\u00bb custom_padding=\u00bb|0px|1px|||\u00bb global_colors_info=\u00bb{}\u00bb][et_pb_column type=\u00bb4_4&#8243; _builder_version=\u00bb4.24.2&#8243; _module_preset=\u00bbdefault\u00bb global_colors_info=\u00bb{}\u00bb][et_pb_divider color=\u00bb#0C71C3&#8243; divider_weight=\u00bb3px\u00bb _builder_version=\u00bb4.24.2&#8243; _module_preset=\u00bbdefault\u00bb width=\u00bb11%\u00bb custom_margin=\u00bb||-2px|||\u00bb global_colors_info=\u00bb{}\u00bb][\/et_pb_divider][et_pb_text _builder_version=\u00bb4.27.0&#8243; global_colors_info=\u00bb{}\u00bb]<\/p>\n<h2><strong>Noticias\/Eventos<\/strong><\/h2>\n<p>[\/et_pb_text][et_pb_blog posts_number=\u00bb3&#8243; include_categories=\u00bb59,25&#8243; excerpt_length=\u00bb120&#8243; _builder_version=\u00bb4.27.0&#8243; _module_preset=\u00bbab11e815-7ee9-4599-875d-0b51d0016271&#8243; width=\u00bb99%\u00bb custom_margin=\u00bb|-17px||1px|false|false\u00bb custom_padding=\u00bb|0px||11px|false|false\u00bb global_colors_info=\u00bb{}\u00bb][\/et_pb_blog][\/et_pb_column][\/et_pb_row][\/et_pb_section][et_pb_section fb_built=\u00bb1&#8243; _builder_version=\u00bb4.27.0&#8243; _module_preset=\u00bbdefault\u00bb background_color=\u00bbrgba(12,113,195,0.13)\u00bb global_colors_info=\u00bb{}\u00bb][et_pb_row column_structure=\u00bb1_4,3_4&#8243; _builder_version=\u00bb4.27.0&#8243; _module_preset=\u00bbdefault\u00bb global_colors_info=\u00bb{}\u00bb][et_pb_column type=\u00bb1_4&#8243; _builder_version=\u00bb4.24.2&#8243; _module_preset=\u00bbdefault\u00bb global_colors_info=\u00bb{}\u00bb][et_pb_image src=\u00bbhttps:\/\/aseva.es\/wp-content\/uploads\/2025\/04\/Logo-horizontal.png\u00bb title_text=\u00bbLogotipo horizontal\u00bb url=\u00bbhttps:\/\/www.helium3.es\/\u00bb url_new_window=\u00bbon\u00bb _builder_version=\u00bb4.27.4&#8243; _module_preset=\u00bbdefault\u00bb border_radii=\u00bbon|20px|20px|20px|20px\u00bb global_colors_info=\u00bb{}\u00bb][\/et_pb_image][\/et_pb_column][et_pb_column type=\u00bb3_4&#8243; _builder_version=\u00bb4.24.2&#8243; _module_preset=\u00bbdefault\u00bb global_colors_info=\u00bb{}\u00bb][et_pb_text _builder_version=\u00bb4.27.0&#8243; custom_margin=\u00bb||7px|||\u00bb global_colors_info=\u00bb{}\u00bb]<\/p>\n<h2>Nuevo socio corporativo<\/h2>\n<p>[\/et_pb_text][et_pb_text _builder_version=\u00bb4.27.4&#8243; custom_padding=\u00bb2px|||||\u00bb hover_enabled=\u00bb0&#8243; global_colors_info=\u00bb{}\u00bb sticky_enabled=\u00bb0&#8243;]<\/p>\n<h3><strong>Presentamos Helium3: su socio en vac\u00edo, criogenia y espectrometr\u00eda de masas<\/strong><\/h3>\n<p data-start=\"140\" data-end=\"246\" class=\"\"><span>ASEVA da la bienvenida\u00a0<\/span><strong>a Helium3<\/strong><span>\u00a0, empresa especializada en\u00a0<\/span><strong>sistemas de vac\u00edo, criogenia y espectrometr\u00eda de masas<\/strong><span>\u00a0.<\/span><\/p>\n<p data-start=\"248\" data-end=\"423\" class=\"\"><strong>Servicio Integral 360\u00ba<\/strong><br \/><span>Helium3 brinda soporte experto durante todo su proyecto, desde el dise\u00f1o del sistema hasta la selecci\u00f3n del equipo y la confiabilidad operativa a largo plazo.<\/span><\/p>\n<p data-start=\"425\" data-end=\"650\" class=\"\"><strong>Equipo y experiencia de primer nivel<\/strong><br \/><span>Con acceso a marcas l\u00edderes y una profunda experiencia t\u00e9cnica, Helium3 garantiza que los clientes reciban\u00a0<\/span><strong>productos de alta calidad<\/strong><span>\u00a0y\u00a0<\/span><strong>servicios de consultor\u00eda especializados<\/strong><span>\u00a0adaptados a sus necesidades.<\/span><\/p>\n<p data-start=\"652\" data-end=\"888\" class=\"\"><strong>Servicios T\u00e9cnicos y Detecci\u00f3n de Fugas<\/strong><br \/><span>Helium3 ofrece\u00a0<\/span><strong>mantenimiento preventivo, correctivo y predictivo<\/strong><span>\u00a0para sistemas de vac\u00edo e instrumentaci\u00f3n, junto con\u00a0<\/span><strong>detecci\u00f3n de fugas por espectrometr\u00eda de masas de helio<\/strong><span>\u00a0para garantizar el m\u00e1ximo rendimiento.<\/span><\/p>\n<p data-start=\"890\" data-end=\"1040\" class=\"\"><span>Apasionado por la innovaci\u00f3n y comprometido con la excelencia,\u00a0<\/span><strong>Helium3 est\u00e1 listo para apoyar a los miembros de ASEVA con soluciones de vanguardia en tecnolog\u00eda de vac\u00edo<\/strong><span>\u00a0.<\/span><\/p>\n<p><span>Conoce m\u00e1s sobre Helium3 y c\u00f3mo pueden ayudarte en:\u00a0<\/span><span class=\"gmail-notranslate\"><a href=\"https:\/\/www.helium3.es\/\" target=\"_blank\" rel=\"noopener\">https:\/\/www.helium3.es\/<\/a><\/span><\/p>\n<p>&nbsp;<\/p>\n<p>[\/et_pb_text][\/et_pb_column][\/et_pb_row][\/et_pb_section][et_pb_section fb_built=\u00bb1&#8243; _builder_version=\u00bb4.24.2&#8243; _module_preset=\u00bbdefault\u00bb background_color=\u00bbrgba(12,113,195,0.08)\u00bb global_colors_info=\u00bb{}\u00bb][et_pb_row column_structure=\u00bb1_4,3_4&#8243; _builder_version=\u00bb4.24.2&#8243; _module_preset=\u00bbdefault\u00bb global_colors_info=\u00bb{}\u00bb][et_pb_column type=\u00bb1_4&#8243; _builder_version=\u00bb4.24.2&#8243; _module_preset=\u00bbdefault\u00bb global_colors_info=\u00bb{}\u00bb][et_pb_image src=\u00bbhttps:\/\/aseva.es\/wp-content\/uploads\/2024\/05\/Imagen-Congresos-2.jpg\u00bb title_text=\u00bbImagen Congresos (2)\u00bb _builder_version=\u00bb4.25.1&#8243; _module_preset=\u00bbdefault\u00bb border_radii=\u00bbon|200px|200px|200px|200px\u00bb global_colors_info=\u00bb{}\u00bb][\/et_pb_image][\/et_pb_column][et_pb_column type=\u00bb3_4&#8243; _builder_version=\u00bb4.24.2&#8243; _module_preset=\u00bbdefault\u00bb global_colors_info=\u00bb{}\u00bb][et_pb_divider color=\u00bb#0C71C3&#8243; divider_weight=\u00bb3px\u00bb _builder_version=\u00bb4.24.2&#8243; _module_preset=\u00bbdefault\u00bb width=\u00bb11%\u00bb custom_margin=\u00bb||-2px|||\u00bb global_colors_info=\u00bb{}\u00bb][\/et_pb_divider][et_pb_text _builder_version=\u00bb4.24.2&#8243; global_colors_info=\u00bb{}\u00bb]<\/p>\n<h2><b>Apoyo <\/b><b>en<\/b> <b>la organizaci\u00f3n <\/b><b>de conferencias<\/b><\/h2>\n<p>[\/et_pb_text][et_pb_text _builder_version=\u00bb4.24.2&#8243; global_colors_info=\u00bb{}\u00bb]<\/p>\n<p><b>ASEVA<\/b> ofrece asistencia profesional en la organizaci\u00f3n de conferencias, escuelas y talleres. Nuestras tarifas competitivas garantizan un servicio de calidad.<\/p>\n<p>Si desea m\u00e1s informaci\u00f3n, p\u00f3ngase en contacto con nosotros en <a href=\"&#109;&#97;&#x69;l&#116;&#x6f;&#x3a;i&#110;&#x66;&#x6f;&#64;&#97;&#x73;e&#118;&#x61;&#x2e;e&#115;\">i&#110;&#102;&#x6f;&#x40;&#x61;&#x73;e&#118;&#97;&#46;&#x65;&#x73;.<\/a><\/p>\n<p>[\/et_pb_text][\/et_pb_column][\/et_pb_row][\/et_pb_section][et_pb_section fb_built=\u00bb1&#8243; _builder_version=\u00bb4.24.2&#8243; _module_preset=\u00bbdefault\u00bb min_height=\u00bb419.6px\u00bb custom_padding=\u00bb||50px|||\u00bb global_colors_info=\u00bb{}\u00bb][et_pb_row _builder_version=\u00bb4.24.2&#8243; _module_preset=\u00bbdefault\u00bb min_height=\u00bb77.1px\u00bb global_colors_info=\u00bb{}\u00bb][et_pb_column type=\u00bb4_4&#8243; _builder_version=\u00bb4.24.2&#8243; _module_preset=\u00bbdefault\u00bb global_colors_info=\u00bb{}\u00bb][et_pb_divider color=\u00bb#0C71C3&#8243; divider_weight=\u00bb3px\u00bb _builder_version=\u00bb4.24.2&#8243; _module_preset=\u00bbdefault\u00bb width=\u00bb11%\u00bb custom_margin=\u00bb||-2px|||\u00bb global_colors_info=\u00bb{}\u00bb][\/et_pb_divider][et_pb_text _builder_version=\u00bb4.24.2&#8243; global_colors_info=\u00bb{}\u00bb]<\/p>\n<h2><b>Subvenciones<\/b> <b>y<\/b> <b>premios<\/b><\/h2>\n<p>[\/et_pb_text][\/et_pb_column][\/et_pb_row][et_pb_row column_structure=\u00bb1_3,1_3,1_3&#8243; _builder_version=\u00bb4.16&#8243; background_size=\u00bbinitial\u00bb background_position=\u00bbtop_left\u00bb background_repeat=\u00bbrepeat\u00bb global_colors_info=\u00bb{}\u00bb][et_pb_column type=\u00bb1_3&#8243; _builder_version=\u00bb4.16&#8243; custom_padding=\u00bb|||\u00bb global_colors_info=\u00bb{}\u00bb custom_padding__hover=\u00bb|||\u00bb][et_pb_blurb title=\u00bbAyudas a la movilidad\u00bb url=\u00bbhttp:\/\/aseva.es\/the-society\/\u00bb use_icon=\u00bbon\u00bb font_icon=\u00bb&#xf153;||fa||900&#8243; icon_color=\u00bb#ffffff\u00bb image_icon_background_color=\u00bb#3874ff\u00bb image_icon_width=\u00bb50px\u00bb _builder_version=\u00bb4.24.2&#8243; header_level=\u00bbh2&#8243; header_font=\u00bb|600|||||||\u00bb header_font_size=\u00bb30px\u00bb body_font_size=\u00bb16&#8243; background_color=\u00bbrgba(0,0,0,0)\u00bb image_icon_custom_padding=\u00bb25px|35px|25px|35px|false|true\u00bb text_orientation=\u00bbcenter\u00bb animation_style=\u00bbfade\u00bb border_radii_image=\u00bbon|100%|100%|100%|100%\u00bb border_width_all_image=\u00bb3px\u00bb border_color_all_image=\u00bbrgba(0,0,0,0)\u00bb icon_font_size=\u00bb50px\u00bb use_circle=\u00bbon\u00bb use_circle_border=\u00bbon\u00bb circle_border_color=\u00bbrgba(0,0,0,0)\u00bb circle_color=\u00bb#3874ff\u00bb global_colors_info=\u00bb{}\u00bb image_icon_background_color__sticky_enabled=\u00bb#939dd6&#8243; image_icon_background_color__sticky=\u00bb#939dd6&#8243;]<\/p>\n<p><b>Becas de Movilidad de Investigadores<\/b> para estudiantes y j\u00f3venes doctores para estancias cortas de investigaci\u00f3n entre grupos ASEVA<\/p>\n<p>[\/et_pb_blurb][\/et_pb_column][et_pb_column type=\u00bb1_3&#8243; _builder_version=\u00bb4.24.2&#8243; _module_preset=\u00bbdefault\u00bb global_colors_info=\u00bb{}\u00bb][et_pb_blurb title=\u00bbConcurso de divulgaci\u00f3n\u00bb url=\u00bbhttps:\/\/aseva.es\/es\/subvenciones-y-premios\/concurso-de-divulgacion\/\u00bb use_icon=\u00bbon\u00bb font_icon=\u00bb&#xe00d;||divi||400&#8243; icon_color=\u00bb#FFFFFF\u00bb image_icon_background_color=\u00bb#7CDA24&#8243; image_icon_width=\u00bb50px\u00bb _builder_version=\u00bb4.24.2&#8243; header_level=\u00bbh2&#8243; header_font=\u00bb|600|||||||\u00bb header_font_size=\u00bb30px\u00bb body_font_size=\u00bb16&#8243; image_icon_custom_padding=\u00bb25px|25px|25px|25px|false|false\u00bb text_orientation=\u00bbcenter\u00bb animation_style=\u00bbfade\u00bb border_radii_image=\u00bbon|100%|100%|100%|100%\u00bb border_width_all_image=\u00bb3px\u00bb border_color_all_image=\u00bb#7CDA24&#8243; icon_font_size=\u00bb50px\u00bb use_circle=\u00bbon\u00bb use_circle_border=\u00bbon\u00bb circle_border_color=\u00bb#7CDA24&#8243; circle_color=\u00bb#7CDA24&#8243; global_colors_info=\u00bb{}\u00bb image_icon_background_color__sticky_enabled=\u00bb#939dd6&#8243; image_icon_background_color__sticky=\u00bb#939dd6&#8243;]<\/p>\n<p><strong>Concurso de divulgaci\u00f3n cient\u00edfica<\/strong><br \/>Escriba un art\u00edculo de divulgaci\u00f3n o realice un v\u00eddeo y gane 100 euros<\/p>\n<p>[\/et_pb_blurb][\/et_pb_column][et_pb_column type=\u00bb1_3&#8243; _builder_version=\u00bb4.24.2&#8243; _module_preset=\u00bbdefault\u00bb global_colors_info=\u00bb{}\u00bb][et_pb_blurb title=\u00bbPremios\u00bb url=\u00bbhttps:\/\/aseva.es\/es\/subvenciones-y-premios\/subvenciones\/\u00bb use_icon=\u00bbon\u00bb font_icon=\u00bb&#xf501;||fa||900&#8243; icon_color=\u00bb#ffffff\u00bb image_icon_background_color=\u00bb#507abf\u00bb image_icon_width=\u00bb50px\u00bb _builder_version=\u00bb4.24.2&#8243; header_level=\u00bbh2&#8243; header_font=\u00bb|600|||||||\u00bb header_font_size=\u00bb30px\u00bb body_font_size=\u00bb16&#8243; background_size=\u00bbinitial\u00bb background_position=\u00bbtop_left\u00bb background_repeat=\u00bbrepeat\u00bb image_icon_custom_padding=\u00bb25px|28px|25px|28px|false|false\u00bb text_orientation=\u00bbcenter\u00bb custom_padding=\u00bb|20px||20px|false|false\u00bb animation_style=\u00bbfade\u00bb border_radii_image=\u00bbon|100%|100%|100%|100%\u00bb border_width_all_image=\u00bb3px\u00bb border_color_all_image=\u00bb#507abf\u00bb icon_font_size=\u00bb50px\u00bb use_circle=\u00bbon\u00bb use_circle_border=\u00bbon\u00bb circle_border_color=\u00bb#507abf\u00bb circle_color=\u00bb#507abf\u00bb global_colors_info=\u00bb{}\u00bb image_icon_background_color__sticky_enabled=\u00bb#939dd6&#8243; image_icon_background_color__sticky=\u00bb#939dd6&#8243;]<\/p>\n<p><b>ASEVA<\/b> premios a las mejores tesis doctorales y <b>ASEVA<\/b>premios a las mejores tesis doctorales<\/p>\n<p>[\/et_pb_blurb][\/et_pb_column][\/et_pb_row][\/et_pb_section]<\/p>\n","protected":false},"excerpt":{"rendered":"<p>Noticias\/EventosNuevo socio corporativoPresentamos Helium3: su socio en vac\u00edo, criogenia y espectrometr\u00eda de masas ASEVA da la bienvenida\u00a0a Helium3\u00a0, empresa especializada en\u00a0sistemas de vac\u00edo, criogenia y espectrometr\u00eda de masas\u00a0. Servicio [&hellip;]<\/p>\n","protected":false},"author":3,"featured_media":0,"parent":0,"menu_order":1,"comment_status":"closed","ping_status":"closed","template":"","meta":{"_et_pb_use_builder":"on","_et_pb_old_content":"","_et_gb_content_width":"","_EventAllDay":false,"_EventTimezone":"","_EventStartDate":"","_EventEndDate":"","_EventStartDateUTC":"","_EventEndDateUTC":"","_EventShowMap":false,"_EventShowMapLink":false,"_EventURL":"","_EventCost":"","_EventCostDescription":"","_EventCurrencySymbol":"","_EventCurrencyCode":"","_EventCurrencyPosition":"","_EventDateTimeSeparator":"","_EventTimeRangeSeparator":"","_EventOrganizerID":[],"_EventVenueID":[],"_OrganizerEmail":"","_OrganizerPhone":"","_OrganizerWebsite":"","_VenueAddress":"","_VenueCity":"","_VenueCountry":"","_VenueProvince":"","_VenueState":"","_VenueZip":"","_VenuePhone":"","_VenueURL":"","_VenueStateProvince":"","_VenueLat":"","_VenueLng":"","_VenueShowMap":false,"_VenueShowMapLink":false,"footnotes":""},"class_list":["post-6853","page","type-page","status-publish","hentry"],"_links":{"self":[{"href":"https:\/\/aseva.es\/es\/wp-json\/wp\/v2\/pages\/6853","targetHints":{"allow":["GET"]}}],"collection":[{"href":"https:\/\/aseva.es\/es\/wp-json\/wp\/v2\/pages"}],"about":[{"href":"https:\/\/aseva.es\/es\/wp-json\/wp\/v2\/types\/page"}],"author":[{"embeddable":true,"href":"https:\/\/aseva.es\/es\/wp-json\/wp\/v2\/users\/3"}],"replies":[{"embeddable":true,"href":"https:\/\/aseva.es\/es\/wp-json\/wp\/v2\/comments?post=6853"}],"version-history":[{"count":45,"href":"https:\/\/aseva.es\/es\/wp-json\/wp\/v2\/pages\/6853\/revisions"}],"predecessor-version":[{"id":7711,"href":"https:\/\/aseva.es\/es\/wp-json\/wp\/v2\/pages\/6853\/revisions\/7711"}],"wp:attachment":[{"href":"https:\/\/aseva.es\/es\/wp-json\/wp\/v2\/media?parent=6853"}],"curies":[{"name":"wp","href":"https:\/\/api.w.org\/{rel}","templated":true}]}}